{"id":2153,"date":"2020-12-06T19:45:18","date_gmt":"2020-12-06T19:45:18","guid":{"rendered":"http:\/\/lenablau.com\/?page_id=2153"},"modified":"2021-08-02T12:55:59","modified_gmt":"2021-08-02T12:55:59","slug":"la-cancion-numero-7","status":"publish","type":"page","link":"https:\/\/lenablau.com\/?page_id=2153","title":{"rendered":"La canci\u00f3n n\u00famero 7"},"content":{"rendered":"<p style=\"text-align: center;\">\n<p><a href=\"https:\/\/www.amazon.es\/canci\u00f3n-n\u00famero-7-LENA-BLAU-ebook\/dp\/B00AYNVWJG\/ref=sr_1_2?ie=UTF8&amp;qid=1526985853&amp;sr=8-2&amp;keywords=lena+blau\"><img data-attachment-id=\"2235\" data-permalink=\"https:\/\/lenablau.com\/?attachment_id=2235\" data-orig-file=\"https:\/\/i2.wp.com\/lenablau.com\/wp-content\/uploads\/2021\/07\/portada-ebook-lcn7-2021-2.jpg?fit=900%2C1350&amp;ssl=1\" data-orig-size=\"900,1350\" data-comments-opened=\"1\" data-image-meta=\"{&quot;aperture&quot;:&quot;0&quot;,&quot;credit&quot;:&quot;&quot;,&quot;camera&quot;:&quot;&quot;,&quot;caption&quot;:&quot;&quot;,&quot;created_timestamp&quot;:&quot;0&quot;,&quot;copyright&quot;:&quot;&quot;,&quot;focal_length&quot;:&quot;0&quot;,&quot;iso&quot;:&quot;0&quot;,&quot;shutter_speed&quot;:&quot;0&quot;,&quot;title&quot;:&quot;&quot;,&quot;orientation&quot;:&quot;0&quot;}\" data-image-title=\"portada ebook lcn7 2021\" data-image-description=\"\" data-image-caption=\"\" data-medium-file=\"https:\/\/i2.wp.com\/lenablau.com\/wp-content\/uploads\/2021\/07\/portada-ebook-lcn7-2021-2.jpg?fit=200%2C300&amp;ssl=1\" data-large-file=\"https:\/\/i2.wp.com\/lenablau.com\/wp-content\/uploads\/2021\/07\/portada-ebook-lcn7-2021-2.jpg?fit=683%2C1024&amp;ssl=1\" loading=\"lazy\" class=\"aligncenter wp-image-2235 \" src=\"https:\/\/i2.wp.com\/lenablau.com\/wp-content\/uploads\/2021\/07\/portada-ebook-lcn7-2021-2.jpg?resize=435%2C652\" alt=\"\" width=\"435\" height=\"652\" srcset=\"https:\/\/i2.wp.com\/lenablau.com\/wp-content\/uploads\/2021\/07\/portada-ebook-lcn7-2021-2.jpg?resize=683%2C1024&amp;ssl=1 683w, https:\/\/i2.wp.com\/lenablau.com\/wp-content\/uploads\/2021\/07\/portada-ebook-lcn7-2021-2.jpg?resize=200%2C300&amp;ssl=1 200w, https:\/\/i2.wp.com\/lenablau.com\/wp-content\/uploads\/2021\/07\/portada-ebook-lcn7-2021-2.jpg?resize=768%2C1152&amp;ssl=1 768w, https:\/\/i2.wp.com\/lenablau.com\/wp-content\/uploads\/2021\/07\/portada-ebook-lcn7-2021-2.jpg?w=900&amp;ssl=1 900w\" sizes=\"(max-width: 435px) 100vw, 435px\" data-recalc-dims=\"1\" \/><\/a><\/p>\n<p style=\"text-align: center;\"><a href=\"https:\/\/www.amazon.es\/canci\u00f3n-n\u00famero-7-LENA-BLAU-ebook\/dp\/B00AYNVWJG\/ref=sr_1_5?__mk_es_ES=\u00c5M\u00c5\u017d\u00d5\u00d1&amp;dchild=1&amp;keywords=LENA+BLAU&amp;qid=1625745224&amp;sr=8-5\" target=\"_blank\" rel=\"noopener\"><br \/>\n<img data-attachment-id=\"2243\" data-permalink=\"https:\/\/lenablau.com\/?attachment_id=2243\" data-orig-file=\"https:\/\/i0.wp.com\/lenablau.com\/wp-content\/uploads\/2021\/07\/contraportada-2.jpg?fit=900%2C975&amp;ssl=1\" data-orig-size=\"900,975\" data-comments-opened=\"1\" data-image-meta=\"{&quot;aperture&quot;:&quot;0&quot;,&quot;credit&quot;:&quot;&quot;,&quot;camera&quot;:&quot;&quot;,&quot;caption&quot;:&quot;&quot;,&quot;created_timestamp&quot;:&quot;0&quot;,&quot;copyright&quot;:&quot;&quot;,&quot;focal_length&quot;:&quot;0&quot;,&quot;iso&quot;:&quot;0&quot;,&quot;shutter_speed&quot;:&quot;0&quot;,&quot;title&quot;:&quot;&quot;,&quot;orientation&quot;:&quot;0&quot;}\" data-image-title=\"contraportada 2\" data-image-description=\"\" data-image-caption=\"\" data-medium-file=\"https:\/\/i0.wp.com\/lenablau.com\/wp-content\/uploads\/2021\/07\/contraportada-2.jpg?fit=277%2C300&amp;ssl=1\" data-large-file=\"https:\/\/i0.wp.com\/lenablau.com\/wp-content\/uploads\/2021\/07\/contraportada-2.jpg?fit=790%2C856&amp;ssl=1\" loading=\"lazy\" class=\"aligncenter wp-image-2243\" src=\"https:\/\/i0.wp.com\/lenablau.com\/wp-content\/uploads\/2021\/07\/contraportada-2.jpg?resize=435%2C471\" alt=\"\" width=\"435\" height=\"471\" srcset=\"https:\/\/i0.wp.com\/lenablau.com\/wp-content\/uploads\/2021\/07\/contraportada-2.jpg?resize=277%2C300&amp;ssl=1 277w, https:\/\/i0.wp.com\/lenablau.com\/wp-content\/uploads\/2021\/07\/contraportada-2.jpg?resize=768%2C832&amp;ssl=1 768w, https:\/\/i0.wp.com\/lenablau.com\/wp-content\/uploads\/2021\/07\/contraportada-2.jpg?w=900&amp;ssl=1 900w\" sizes=\"(max-width: 435px) 100vw, 435px\" data-recalc-dims=\"1\" \/><\/a><\/p>\n<div style=\"text-align: center;\"><\/div>\n<div><\/div>\n<div><\/div>\n<p style=\"text-align: center;\"><strong>DESCUBRE LA NOVELA FAVORITA DE LOS QUE SE ATREVEN A SENTIR.<\/strong><\/p>\n<p style=\"text-align: center;\"><b><em>\u00abUn libro que me llen\u00f3 el alma.. Me hizo re\u00edr, llorar y sentir mariposas en el est\u00f3mago. \u00a1Absolutamente inolvidable!\u00bb<\/em><\/b><\/p>\n<p style=\"text-align: center;\"><b><em>\u00ab\u00a1La historia rom\u00e1ntica m\u00e1s adictiva y emocionante que he le\u00eddo en mucho tiempo! Llega directa al coraz\u00f3n y sus personajes se meten bajo la piel de una forma incre\u00edble\u00bb<\/em><\/b><\/p>\n<p style=\"text-align: center;\"><b><em>\u00abUna novela que te har\u00e1 sentir y vibrar como si fueras parte de la historia y a la que te aferrar\u00e1s para que no termine nunca\u00bb<\/em><\/b><\/p>\n<p style=\"text-align: center;\">Tras haber <strong>arrasado\u00a0en Amazon<\/strong>\u00a0y haber sido publicada por la editorial Temas de Hoy (Grupo Planeta), que apost\u00f3 sin dudarlo por esta inolvidable historia de amor y superaci\u00f3n, <strong><em>La canci\u00f3n n\u00famero 7<\/em><\/strong>\u00a0vuelve en exclusiva a Amazon en formato ebook, tapa blanda y tapa dura\u00a0<strong>con una nueva portada y un cap\u00edtulo extra.<\/strong><\/p>\n<p style=\"text-align: center;\">\u00a1Ya han sido miles los lectores que se han enamorado de esta historia cargada de profundas sensaciones!<\/p>\n<p style=\"text-align: center;\"><strong>\u00bfTe lo vas a perder?<\/strong><\/p>\n<p style=\"text-align: center;\"><strong><a href=\"https:\/\/leer.amazon.es\/kp\/embed?asin=B00AYNVWJG&amp;preview=newtab&amp;linkCode=kpe&amp;reshareId=138HM8TEP03GGMVJ5GM8&amp;reshareChannel=system\" target=\"_blank\" rel=\"noopener\">EMPIEZA A LEER GRATIS<\/a><\/strong><\/p>\n<p style=\"text-align: center;\"><strong><a href=\"https:\/\/open.spotify.com\/user\/a6fte1zjv2fmx1z8nmpmsy1eg\/playlist\/7ExXz9vKwqx3n2QM5wluuW?si=VoMy6-1uQDqVMq3FGjbJNg\" target=\"_blank\" rel=\"noopener\">Escucha la playlist en Spotify<\/a><\/strong><\/p>\n<p style=\"text-align: center;\"><strong><a href=\"https:\/\/www.amazon.es\/cancion-numero-7-Lena-Blau\/dp\/1544116004\/ref=tmm_pap_swatch_0?_encoding=UTF8&amp;qid=1527366549&amp;sr=8-3\" target=\"_blank\" rel=\"noopener\">Comprar en Amazon en tapa blanda<\/a><\/strong><\/p>\n<p style=\"text-align: center;\"><a href=\"https:\/\/www.amazon.es\/cancion-numero-7-Lena-Blau\/dp\/B098GSZ63L\/ref=tmm_hrd_swatch_0?_encoding=UTF8&amp;qid=1625649276&amp;sr=8-5\"><strong>Comprar en Amazon en tapa dura<\/strong><\/a><\/p>\n<p style=\"text-align: center;\"><strong><a href=\"https:\/\/www.amazon.es\/canci\u00f3n-n\u00famero-7-LENA-BLAU-ebook\/dp\/B00AYNVWJG\/ref=tmm_kin_swatch_0?_encoding=UTF8&amp;qid=1527366549&amp;sr=8-3\" target=\"_blank\" rel=\"noopener\">Comprar versi\u00f3n Kindle<\/a><\/strong><\/p>\n<p style=\"text-align: center;\"><strong><a href=\"http:\/\/lenablau.com\/?page_id=1281\">VOLVER A NOVELAS<\/a><\/strong><\/p>\n<div><\/div>\n<div>\n<div><\/div>\n<div><em>\u00a0<\/em><\/div>\n<\/div>\n","protected":false},"excerpt":{"rendered":"<p>DESCUBRE LA NOVELA FAVORITA DE LOS QUE SE ATREVEN A SENTIR. \u00abUn libro que me llen\u00f3 el alma.. Me hizo re\u00edr, llorar y sentir mariposas en el est\u00f3mago. \u00a1Absolutamente inolvidable!\u00bb \u00ab\u00a1La historia rom\u00e1ntica m\u00e1s adictiva y emocionante que he le\u00eddo en mucho tiempo! Llega directa al coraz\u00f3n y sus personajes se meten bajo la piel&hellip; <\/p>\n","protected":false},"author":1,"featured_media":0,"parent":1281,"menu_order":1,"comment_status":"closed","ping_status":"closed","template":"","meta":{"spay_email":""},"jetpack_sharing_enabled":true,"jetpack_shortlink":"https:\/\/wp.me\/P9WDl5-yJ","jetpack-related-posts":[{"id":2158,"url":"https:\/\/lenablau.com\/?page_id=2158","url_meta":{"origin":2153,"position":0},"title":"Sobre m\u00ed","date":"diciembre 6, 2020","format":false,"excerpt":"Lena Blau es mi otro yo, \u00e9se que necesita imaginar historias casi m\u00e1s que respirar. Desde ni\u00f1a me ha gustado escribir. Con trece a\u00f1os ya aporreaba con ilusi\u00f3n las teclas de una vieja Olivetti dando forma a mi primer manuscrito. A\u00f1os m\u00e1s tarde, despu\u00e9s de vivir en lugares como San\u2026","rel":"","context":"Entrada similar","img":{"alt_text":"","src":"https:\/\/i2.wp.com\/lenablau.com\/wp-content\/uploads\/2022\/09\/15f21dd5-d762-46e0-9d14-26d1ab10fdbd.jpg?resize=350%2C200&ssl=1","width":350,"height":200},"classes":[]},{"id":1281,"url":"https:\/\/lenablau.com\/?page_id=1281","url_meta":{"origin":2153,"position":1},"title":"Novelas","date":"mayo 18, 2018","format":false,"excerpt":"Aqu\u00ed encontrar\u00e9is historias\u00a0para corazones valientes. Algunas son rom\u00e1nticas,\u00a0muy reales y cercanas, y otras est\u00e1n llenas de\u00a0aventuras con un toque fantasy que os seducir\u00e1n, retar\u00e1n a vuestra imaginaci\u00f3n y jugar\u00e1n con lo imposible. Todas ellas tienen algo en com\u00fan: \u00a1os har\u00e1n sentir a tope y os dar\u00e1n alas para volar! Os\u2026","rel":"","context":"Entrada similar","img":{"alt_text":"","src":"https:\/\/i0.wp.com\/lenablau.com\/wp-content\/uploads\/2023\/05\/IMG_3543-658x1024.jpg?resize=350%2C200","width":350,"height":200},"classes":[]},{"id":2374,"url":"https:\/\/lenablau.com\/?page_id=2374","url_meta":{"origin":2153,"position":2},"title":"Te encontrar\u00e9 en el silencio","date":"mayo 23, 2023","format":false,"excerpt":"Ya ten\u00e9is disponible mi nueva novela\u00a0en librer\u00edas y en todas las plataformas digitales. \u00a1Espero que os anim\u00e9is a descubrir lo que se esconde entre sus p\u00e1ginas! \u00a0 LAS LECTORAS QUE YA LO HAN LE\u00cdDO HAN DICHO: \u00abNunca el silencio me hab\u00eda atrapado y erizado la piel como con este libro.\u2026","rel":"","context":"Entrada similar","img":{"alt_text":"","src":"https:\/\/i0.wp.com\/lenablau.com\/wp-content\/uploads\/2023\/05\/02.-Te-encontrare-en-el-silencio-sinopsis_Feed-copia-2-1024x1024.jpg?resize=350%2C200","width":350,"height":200},"classes":[]},{"id":1894,"url":"https:\/\/lenablau.com\/?page_id=1894","url_meta":{"origin":2153,"position":3},"title":"Ediciones de La Canci\u00f3n n\u00famero 7","date":"mayo 27, 2018","format":false,"excerpt":"La canci\u00f3n n\u00famero 7 ha sido editada en varias ocasiones y su portada ha ido evolucionando. \u00a0 \u00c9sta fue la portada que yo misma dise\u00f1\u00e9 cuando la publiqu\u00e9 en Amazon por primera vez en enero de 2013. Se convirti\u00f3 en tan s\u00f3lo unos d\u00edas en el n\u00ba1 y se mantuvo\u2026","rel":"","context":"Entrada similar","img":{"alt_text":"","src":"https:\/\/i2.wp.com\/lenablau.com\/wp-content\/uploads\/2013\/01\/newcoverlcn7low-212x300.jpg?resize=350%2C200","width":350,"height":200},"classes":[]},{"id":1583,"url":"https:\/\/lenablau.com\/?page_id=1583","url_meta":{"origin":2153,"position":4},"title":"Relatos","date":"mayo 23, 2018","format":false,"excerpt":"Aunque lo que m\u00e1s me gusta es enrollarme de lo lindo y escribir novelas, a veces me da el punto y escribo relatos cortos, reflexiones o incluso pensamientos breves pero no por ello menos intensos. \u00a1Est\u00e1is m\u00e1s que invitados a darles un vistazo! La burbuja Silencioso tranv\u00eda Ser un hada\u2026","rel":"","context":"Entrada similar","img":{"alt_text":"","src":"https:\/\/i2.wp.com\/lenablau.com\/wp-content\/uploads\/2018\/05\/Captura-de-pantalla-2018-05-24-a-las-13.18.57-300x300.png?resize=350%2C200","width":350,"height":200},"classes":[]},{"id":2148,"url":"https:\/\/lenablau.com\/?page_id=2148","url_meta":{"origin":2153,"position":5},"title":"Aevum","date":"diciembre 6, 2020","format":false,"excerpt":"\u00a0 Un secreto. Un amor prohibido. Una atracci\u00f3n inevitable. Daniela ha vuelto a Nueva Orleans para cumplir un sue\u00f1o que tiene pendiente. All\u00ed vivi\u00f3 un doloroso episodio cuando era una ni\u00f1a, pero ha llegado el momento de reencontrarse con sus ra\u00edces y olvidar el pasado. Lo \u00faltimo que entra en\u2026","rel":"","context":"Entrada similar","img":{"alt_text":"","src":"https:\/\/i0.wp.com\/lenablau.com\/wp-content\/uploads\/2020\/12\/PORTADA-AEVUM-KINDLE_RGB-72DPI.jpg?fit=750%2C1200&ssl=1&resize=350%2C200","width":350,"height":200},"classes":[]}],"_links":{"self":[{"href":"https:\/\/lenablau.com\/index.php?rest_route=\/wp\/v2\/pages\/2153"}],"collection":[{"href":"https:\/\/lenablau.com\/index.php?rest_route=\/wp\/v2\/pages"}],"about":[{"href":"https:\/\/lenablau.com\/index.php?rest_route=\/wp\/v2\/types\/page"}],"author":[{"embeddable":true,"href":"https:\/\/lenablau.com\/index.php?rest_route=\/wp\/v2\/users\/1"}],"replies":[{"embeddable":true,"href":"https:\/\/lenablau.com\/index.php?rest_route=%2Fwp%2Fv2%2Fcomments&post=2153"}],"version-history":[{"count":24,"href":"https:\/\/lenablau.com\/index.php?rest_route=\/wp\/v2\/pages\/2153\/revisions"}],"predecessor-version":[{"id":2256,"href":"https:\/\/lenablau.com\/index.php?rest_route=\/wp\/v2\/pages\/2153\/revisions\/2256"}],"up":[{"embeddable":true,"href":"https:\/\/lenablau.com\/index.php?rest_route=\/wp\/v2\/pages\/1281"}],"wp:attachment":[{"href":"https:\/\/lenablau.com\/index.php?rest_route=%2Fwp%2Fv2%2Fmedia&parent=2153"}],"curies":[{"name":"wp","href":"https:\/\/api.w.org\/{rel}","templated":true}]}}