{"id":1557,"date":"2018-05-23T10:27:22","date_gmt":"2018-05-23T10:27:22","guid":{"rendered":"http:\/\/lenablau.com\/?page_id=1557"},"modified":"2018-07-04T13:00:38","modified_gmt":"2018-07-04T13:00:38","slug":"resenas","status":"publish","type":"page","link":"https:\/\/lenablau.com\/?page_id=1557","title":{"rendered":"Rese\u00f1as"},"content":{"rendered":"<p>Aqu\u00ed os dejo una selecci\u00f3n de rese\u00f1as de mis novelas:<\/p>\n<p>LA CANCI\u00d3N N\u00daMERO 7<\/p>\n<p><strong><a href=\"http:\/\/www.melodiasporescrito.com\/2013\/11\/resena-la-cancion-numero-7-lena-blau.html\" target=\"_blank\" rel=\"noopener\">Rese\u00f1a en el portal de ocio y cultura \u201cMelod\u00edas por escrito&#8221;<\/a><\/strong><\/p>\n<p><strong><a href=\"https:\/\/lecturadictivas.blogspot.com.es\/2013\/09\/la-cancion-numero-7-lena-blau.html\" target=\"_blank\" rel=\"noopener\">Rese\u00f1a en &#8220;Lectura adictiva&#8221;<\/a><\/strong><\/p>\n<p><strong><a href=\"http:\/\/amor-y-palabras.blogspot.com.es\/2014\/06\/resena-la-cancion-numero-7-lena-blau.html\" target=\"_blank\" rel=\"noopener\">Rese\u00f1a en &#8220;Amor y palabras&#8221;<\/a><\/strong><\/p>\n<p><strong><a href=\"http:\/\/lafabricadeletras.blogspot.com.es\/2014\/03\/resena-la-cancion-numero-7.html\" target=\"_blank\" rel=\"noopener\">Rese\u00f1a en &#8220;La f\u00e1brica de letras&#8221;<\/a><\/strong><\/p>\n<p><strong><a href=\"http:\/\/mividaenhojadepapel.blogspot.com.es\/2014\/01\/la-cancion-numero-7.html\" target=\"_blank\" rel=\"noopener\">Rese\u00f1a en &#8220;Mi vida en hojas de papel&#8221;<\/a><\/strong><\/p>\n<p><strong><a href=\"http:\/\/voragineinterna.blogspot.com.es\/2014\/07\/la-cancion-numero-7.html\" target=\"_blank\" rel=\"noopener\">Rese\u00f1a en &#8220;Vor\u00e1gine interna&#8221;<\/a><\/strong><\/p>\n<p><strong><a href=\"http:\/\/www.traslalluvialiteraria.com\/2013\/10\/la-cancion-numero-7-de-lena-blau.html\" target=\"_blank\" rel=\"noopener\">Rese\u00f1a en &#8220;Tras la lluvia literaria&#8221;<\/a><\/strong><\/p>\n<p>&nbsp;<\/p>\n<p>BILOG\u00cdA AEVUM<\/p>\n<p><strong><a href=\"http:\/\/www.librosquevoyleyendo.com\/2016\/11\/aevum-de-lena-blau.html\" target=\"_blank\" rel=\"noopener\">Rese\u00f1a en &#8220;Libros que voy leyendo&#8221;<\/a><\/strong><\/p>\n<p><strong><a href=\"http:\/\/amor-y-palabras.blogspot.com.es\/2017\/02\/resena-aevum-lena-blau.html\" target=\"_blank\" rel=\"noopener\">Rese\u00f1a en &#8220;Amor y palabras&#8221;<\/a><\/strong><\/p>\n<p><strong><a href=\"http:\/\/www.melodiasporescrito.com\/2017\/01\/resena-aevum-lena-blau.html\" target=\"_blank\" rel=\"noopener\">Rese\u00f1a en el portal de ocio y cultura \u201cMelod\u00edas por escrito&#8221;<\/a><\/strong><\/p>\n<p><strong><a href=\"http:\/\/mitardejuntoaunlibro.blogspot.com.es\/2017\/01\/resena-aevum-lena-blau.html\" target=\"_blank\" rel=\"noopener\">Rese\u00f1a en &#8220;Mi tarde junto a un libro&#8221;<\/a><\/strong><\/p>\n<p><strong><a href=\"http:\/\/voragineinterna.blogspot.com.es\/2017\/02\/resena-aevum.html\" target=\"_blank\" rel=\"noopener\">Rese\u00f1a en &#8220;Vor\u00e1gine interna&#8221;<\/a><\/strong><\/p>\n<p>&nbsp;<\/p>\n<p>I TUIT YOU<\/p>\n<p><a href=\"https:\/\/missensacionesliterarias.blogspot.com\/2018\/06\/i-tuit-you.html?m=1\" target=\"_blank\" rel=\"noopener\"><strong>Rese\u00f1a en &#8220;Mis sensaciones literarias&#8221;<\/strong><\/a><\/p>\n<p><a href=\"https:\/\/librosconraices.blogspot.com\/2018\/07\/resena-i-tuit-you-lena-blau.html?m=1#more\" target=\"_blank\" rel=\"noopener\"><strong>Rese\u00f1a en &#8220;Libros con Ra\u00edces&#8221;<\/strong><\/a><\/p>\n","protected":false},"excerpt":{"rendered":"<p>Aqu\u00ed os dejo una selecci\u00f3n de rese\u00f1as de mis novelas: LA CANCI\u00d3N N\u00daMERO 7 Rese\u00f1a en el portal de ocio y cultura \u201cMelod\u00edas por escrito&#8221; Rese\u00f1a en &#8220;Lectura adictiva&#8221; Rese\u00f1a en &#8220;Amor y palabras&#8221; Rese\u00f1a en &#8220;La f\u00e1brica de letras&#8221; Rese\u00f1a en &#8220;Mi vida en hojas de papel&#8221; Rese\u00f1a en &#8220;Vor\u00e1gine interna&#8221; Rese\u00f1a en &#8220;Tras&hellip; <\/p>\n","protected":false},"author":1,"featured_media":0,"parent":1432,"menu_order":0,"comment_status":"closed","ping_status":"closed","template":"","meta":{"spay_email":""},"jetpack_sharing_enabled":true,"jetpack_shortlink":"https:\/\/wp.me\/P9WDl5-p7","jetpack-related-posts":[{"id":1432,"url":"https:\/\/lenablau.com\/?page_id=1432","url_meta":{"origin":1557,"position":0},"title":"Entrevistas y +","date":"mayo 21, 2018","format":false,"excerpt":"En esta secci\u00f3n os dejo una serie de links a entrevistas y rese\u00f1as sobre mis libros. La entrevista m\u00e1s reciente ha sido para Kreatanautas, un programa muy chulo de un canal de YouTube donde me lo pas\u00e9 bomba. Con ellos tuve la oportunidad de repasar mi trayectoria como escritora y\u2026","rel":"","context":"Entrada similar","img":{"alt_text":"","src":"https:\/\/i0.wp.com\/img.youtube.com\/vi\/ix2-fTJNsSs\/0.jpg?resize=350%2C200","width":350,"height":200},"classes":[]},{"id":1572,"url":"https:\/\/lenablau.com\/?page_id=1572","url_meta":{"origin":1557,"position":1},"title":"Rese\u00f1as de booktubers","date":"mayo 23, 2018","format":false,"excerpt":"Cada vez son m\u00e1s habituales los canales de Youtube en los que se habla de literatura. Estos devoradores de libros, llamados booktubers, hacen cr\u00edticas muy visuales, amenas y din\u00e1micas sobre sus lecturas. He tenido la suerte de que varios de los canales m\u00e1s populares en esta tem\u00e1tica se hayan fijado\u2026","rel":"","context":"Entrada similar","img":{"alt_text":"","src":"https:\/\/i2.wp.com\/img.youtube.com\/vi\/ilmJ9XcOPSE\/0.jpg?resize=350%2C200","width":350,"height":200},"classes":[]},{"id":1763,"url":"https:\/\/lenablau.com\/?page_id=1763","url_meta":{"origin":1557,"position":2},"title":"Cookies","date":"mayo 26, 2018","format":false,"excerpt":"\u00a0 Utilizamos cookies para facilitar el uso de nuestra p\u00e1gina web. Las cookies son peque\u00f1os ficheros de informaci\u00f3n que nos permiten comparar y entender c\u00f3mo nuestros usuarios navegan a trav\u00e9s de nuestra p\u00e1gina web, y de esta manera poder mejorar consecuentemente el proceso de navegaci\u00f3n. Las cookies que utilizamos no\u2026","rel":"","context":"Entrada similar","img":{"alt_text":"","src":"","width":0,"height":0},"classes":[]},{"id":2153,"url":"https:\/\/lenablau.com\/?page_id=2153","url_meta":{"origin":1557,"position":3},"title":"La canci\u00f3n n\u00famero 7","date":"diciembre 6, 2020","format":false,"excerpt":"DESCUBRE LA NOVELA FAVORITA DE LOS QUE SE ATREVEN A SENTIR. \u00abUn libro que me llen\u00f3 el alma.. Me hizo re\u00edr, llorar y sentir mariposas en el est\u00f3mago. \u00a1Absolutamente inolvidable!\u00bb \u00ab\u00a1La historia rom\u00e1ntica m\u00e1s adictiva y emocionante que he le\u00eddo en mucho tiempo! Llega directa al coraz\u00f3n y sus personajes\u2026","rel":"","context":"Entrada similar","img":{"alt_text":"","src":"https:\/\/i2.wp.com\/lenablau.com\/wp-content\/uploads\/2021\/07\/portada-ebook-lcn7-2021-2-683x1024.jpg?resize=350%2C200","width":350,"height":200},"classes":[]},{"id":1894,"url":"https:\/\/lenablau.com\/?page_id=1894","url_meta":{"origin":1557,"position":4},"title":"Ediciones de La Canci\u00f3n n\u00famero 7","date":"mayo 27, 2018","format":false,"excerpt":"La canci\u00f3n n\u00famero 7 ha sido editada en varias ocasiones y su portada ha ido evolucionando. \u00a0 \u00c9sta fue la portada que yo misma dise\u00f1\u00e9 cuando la publiqu\u00e9 en Amazon por primera vez en enero de 2013. Se convirti\u00f3 en tan s\u00f3lo unos d\u00edas en el n\u00ba1 y se mantuvo\u2026","rel":"","context":"Entrada similar","img":{"alt_text":"","src":"https:\/\/i2.wp.com\/lenablau.com\/wp-content\/uploads\/2013\/01\/newcoverlcn7low-212x300.jpg?resize=350%2C200","width":350,"height":200},"classes":[]},{"id":2339,"url":"https:\/\/lenablau.com\/?page_id=2339","url_meta":{"origin":1557,"position":5},"title":"Te encontrar\u00e9 en el silencio","date":"mayo 5, 2022","format":false,"excerpt":"\u00a0 \u00bfQu\u00e9 pasa si eres como una original pieza redondeada, pero desde ni\u00f1a\u00a0has intentado adaptarte a ese molde cuadriculado en el que te dec\u00edan que deb\u00edas encajar? \u00bfY si est\u00e1s est\u00e1s lleno de afiladas aristas y ves la vida en blanco y negro? Amy deja Nueva York para buscar la\u2026","rel":"","context":"Entrada similar","img":{"alt_text":"","src":"https:\/\/i2.wp.com\/lenablau.com\/wp-content\/uploads\/2022\/05\/Portada-para-mock-up-papel-683x1024.jpg?resize=350%2C200","width":350,"height":200},"classes":[]}],"_links":{"self":[{"href":"https:\/\/lenablau.com\/index.php?rest_route=\/wp\/v2\/pages\/1557"}],"collection":[{"href":"https:\/\/lenablau.com\/index.php?rest_route=\/wp\/v2\/pages"}],"about":[{"href":"https:\/\/lenablau.com\/index.php?rest_route=\/wp\/v2\/types\/page"}],"author":[{"embeddable":true,"href":"https:\/\/lenablau.com\/index.php?rest_route=\/wp\/v2\/users\/1"}],"replies":[{"embeddable":true,"href":"https:\/\/lenablau.com\/index.php?rest_route=%2Fwp%2Fv2%2Fcomments&post=1557"}],"version-history":[{"count":9,"href":"https:\/\/lenablau.com\/index.php?rest_route=\/wp\/v2\/pages\/1557\/revisions"}],"predecessor-version":[{"id":2051,"href":"https:\/\/lenablau.com\/index.php?rest_route=\/wp\/v2\/pages\/1557\/revisions\/2051"}],"up":[{"embeddable":true,"href":"https:\/\/lenablau.com\/index.php?rest_route=\/wp\/v2\/pages\/1432"}],"wp:attachment":[{"href":"https:\/\/lenablau.com\/index.php?rest_route=%2Fwp%2Fv2%2Fmedia&parent=1557"}],"curies":[{"name":"wp","href":"https:\/\/api.w.org\/{rel}","templated":true}]}}